{"id":5,"date":"2024-12-03T14:46:25","date_gmt":"2024-12-03T13:46:25","guid":{"rendered":"http:\/\/caritas.tn\/?page_id=5"},"modified":"2025-06-23T13:25:16","modified_gmt":"2025-06-23T11:25:16","slug":"creez-votre-site-avec-des-blocs","status":"publish","type":"page","link":"https:\/\/caritas.tn\/","title":{"rendered":"Sans titre"},"content":{"rendered":"\n<div class=\"wp-block-group alignfull\"><div class=\"wp-block-group__inner-container is-layout-constrained wp-block-group-is-layout-constrained\">\n<div class=\"wp-block-group alignfull is-content-justification-right is-layout-flex wp-container-core-group-is-layout-23aca3c8 wp-block-group-is-layout-flex\" style=\"padding-top:var(--wp--preset--spacing--30);padding-right:var(--wp--preset--spacing--30);padding-bottom:var(--wp--preset--spacing--30);padding-left:var(--wp--preset--spacing--30)\"><nav class=\"is-responsive items-justified-right wp-block-navigation is-content-justification-right is-layout-flex wp-container-core-navigation-is-layout-3817c3ed wp-block-navigation-is-layout-flex\" aria-label=\"Menu principal\" \n\t\t data-wp-interactive=\"core\/navigation\" data-wp-context='{\"overlayOpenedBy\":{\"click\":false,\"hover\":false,\"focus\":false},\"type\":\"overlay\",\"roleAttribute\":\"\",\"ariaLabel\":\"Menu\"}'><button aria-haspopup=\"dialog\" aria-label=\"Ouvrir le menu\" class=\"wp-block-navigation__responsive-container-open\" \n\t\t\t\tdata-wp-on--click=\"actions.openMenuOnClick\"\n\t\t\t\tdata-wp-on--keydown=\"actions.handleMenuKeydown\"\n\t\t\t><svg width=\"24\" height=\"24\" xmlns=\"http:\/\/www.w3.org\/2000\/svg\" viewBox=\"0 0 24 24\" aria-hidden=\"true\" focusable=\"false\"><path d=\"M4 7.5h16v1.5H4z\"><\/path><path d=\"M4 15h16v1.5H4z\"><\/path><\/svg><\/button>\n\t\t\t\t<div class=\"wp-block-navigation__responsive-container\"  id=\"modal-1\" \n\t\t\t\tdata-wp-class--has-modal-open=\"state.isMenuOpen\"\n\t\t\t\tdata-wp-class--is-menu-open=\"state.isMenuOpen\"\n\t\t\t\tdata-wp-watch=\"callbacks.initMenu\"\n\t\t\t\tdata-wp-on--keydown=\"actions.handleMenuKeydown\"\n\t\t\t\tdata-wp-on--focusout=\"actions.handleMenuFocusout\"\n\t\t\t\ttabindex=\"-1\"\n\t\t\t>\n\t\t\t\t\t<div class=\"wp-block-navigation__responsive-close\" tabindex=\"-1\">\n\t\t\t\t\t\t<div class=\"wp-block-navigation__responsive-dialog\" \n\t\t\t\tdata-wp-bind--aria-modal=\"state.ariaModal\"\n\t\t\t\tdata-wp-bind--aria-label=\"state.ariaLabel\"\n\t\t\t\tdata-wp-bind--role=\"state.roleAttribute\"\n\t\t\t>\n\t\t\t\t\t\t\t<button aria-label=\"Fermer le menu\" class=\"wp-block-navigation__responsive-container-close\" \n\t\t\t\tdata-wp-on--click=\"actions.closeMenuOnClick\"\n\t\t\t><svg xmlns=\"http:\/\/www.w3.org\/2000\/svg\" viewBox=\"0 0 24 24\" width=\"24\" height=\"24\" aria-hidden=\"true\" focusable=\"false\"><path d=\"m13.06 12 6.47-6.47-1.06-1.06L12 10.94 5.53 4.47 4.47 5.53 10.94 12l-6.47 6.47 1.06 1.06L12 13.06l6.47 6.47 1.06-1.06L13.06 12Z\"><\/path><\/svg><\/button>\n\t\t\t\t\t\t\t<div class=\"wp-block-navigation__responsive-container-content\" \n\t\t\t\tdata-wp-watch=\"callbacks.focusFirstElement\"\n\t\t\t id=\"modal-1-content\">\n\t\t\t\t\t\t\t\t<ul class=\"wp-block-navigation__container is-responsive items-justified-right wp-block-navigation\"><li class=\" wp-block-navigation-item wp-block-navigation-link\"><a class=\"wp-block-navigation-item__content\"  href=\"https:\/\/caritas.tn\/\" title=\"\"><span class=\"wp-block-navigation-item__label\">Nos actions<\/span><\/a><\/li><li class=\" wp-block-navigation-item  menu-item menu-item-type-custom menu-item-object-custom menu-item-home wp-block-navigation-link\"><a class=\"wp-block-navigation-item__content\"  href=\"https:\/\/caritas.tn\/\" title=\"\"><span class=\"wp-block-navigation-item__label\">L&rsquo;Equipe<\/span><\/a><\/li><li class=\" wp-block-navigation-item wp-block-navigation-link\"><a class=\"wp-block-navigation-item__content\"  href=\"#contact\"><span class=\"wp-block-navigation-item__label\">Nous contacter<\/span><\/a><\/li><\/ul>\n\t\t\t\t\t\t\t<\/div>\n\t\t\t\t\t\t<\/div>\n\t\t\t\t\t<\/div>\n\t\t\t\t<\/div><\/nav><\/div>\n\n\n\n<div class=\"wp-block-cover alignfull\" style=\"margin-top:0;min-height:74px;aspect-ratio:unset;\"><img loading=\"lazy\" decoding=\"async\" width=\"512\" height=\"512\" class=\"wp-block-cover__image-background wp-image-45 size-full\" alt=\"\" src=\"https:\/\/caritas.tn\/wp-content\/uploads\/2025\/03\/cropped-LOGO-Caritas-Tunisie-carre-rouge.png\" data-object-fit=\"cover\" srcset=\"https:\/\/caritas.tn\/wp-content\/uploads\/2025\/03\/cropped-LOGO-Caritas-Tunisie-carre-rouge.png 512w, https:\/\/caritas.tn\/wp-content\/uploads\/2025\/03\/cropped-LOGO-Caritas-Tunisie-carre-rouge-300x300.png 300w, https:\/\/caritas.tn\/wp-content\/uploads\/2025\/03\/cropped-LOGO-Caritas-Tunisie-carre-rouge-150x150.png 150w, https:\/\/caritas.tn\/wp-content\/uploads\/2025\/03\/cropped-LOGO-Caritas-Tunisie-carre-rouge-270x270.png 270w, https:\/\/caritas.tn\/wp-content\/uploads\/2025\/03\/cropped-LOGO-Caritas-Tunisie-carre-rouge-192x192.png 192w, https:\/\/caritas.tn\/wp-content\/uploads\/2025\/03\/cropped-LOGO-Caritas-Tunisie-carre-rouge-180x180.png 180w, https:\/\/caritas.tn\/wp-content\/uploads\/2025\/03\/cropped-LOGO-Caritas-Tunisie-carre-rouge-32x32.png 32w\" sizes=\"auto, (max-width: 512px) 100vw, 512px\" \/><span aria-hidden=\"true\" class=\"wp-block-cover__background has-black-background-color has-background-dim-0 has-background-dim\"><\/span><div class=\"wp-block-cover__inner-container is-layout-flow wp-block-cover-is-layout-flow\">\n<div style=\"height:32px\" aria-hidden=\"true\" class=\"wp-block-spacer\"><\/div>\n<\/div><\/div>\n<\/div><\/div>\n\n\n\n<h2 class=\"wp-block-heading alignwide\"><strong>Les origines de Caritas Tunisie&nbsp;<\/strong><\/h2>\n\n\n\n<div class=\"wp-block-columns alignwide is-layout-flex wp-container-core-columns-is-layout-9d6595d7 wp-block-columns-is-layout-flex\">\n<div class=\"wp-block-column is-layout-flow wp-block-column-is-layout-flow\">\n<figure class=\"wp-block-image size-large\"><img loading=\"lazy\" decoding=\"async\" width=\"1024\" height=\"683\" src=\"https:\/\/caritas.tn\/wp-content\/uploads\/2025\/06\/Cathedrale-colorisee-1024x683.png\" alt=\"\" class=\"wp-image-59\" srcset=\"https:\/\/caritas.tn\/wp-content\/uploads\/2025\/06\/Cathedrale-colorisee-1024x683.png 1024w, https:\/\/caritas.tn\/wp-content\/uploads\/2025\/06\/Cathedrale-colorisee-300x200.png 300w, https:\/\/caritas.tn\/wp-content\/uploads\/2025\/06\/Cathedrale-colorisee-768x512.png 768w, https:\/\/caritas.tn\/wp-content\/uploads\/2025\/06\/Cathedrale-colorisee.png 1536w\" sizes=\"auto, (max-width: 1024px) 100vw, 1024px\" \/><\/figure>\n<\/div>\n\n\n\n<div class=\"wp-block-column is-layout-flow wp-block-column-is-layout-flow\">\n<p><strong>Caritas Tunisie<\/strong> est la branche socio-caritative et humanitaire de l&rsquo;Eglise Catholique en Tunisie, juridiquement constitu\u00e9e comme \u00ab&nbsp;Pr\u00e9lature de Tunis&nbsp;\u00bb, dont la personnalit\u00e9 civile a \u00e9t\u00e9 acquise par d\u00e9cret n\u00b0 64245 suite au \u00ab&nbsp;<strong>Modus Vivendi<\/strong>&nbsp;\u00bb sign\u00e9 entre la Tunisie et le Saint-Si\u00e8ge, le 23 juillet 1964 (J.O.R.T. Du 24\/07\/1964). <\/p>\n\n\n\n<p>Caritas Tunisie n&rsquo;a donc d&rsquo;autre statut que celui de l&rsquo;Eglise Catholique en Tunisie. Son Pr\u00e9sident est l&rsquo;Archev\u00eaque de Tunis. Caritas Tunisie est membre de <strong>Caritas Internationalis<\/strong> depuis l\u2019Assembl\u00e9e G\u00e9n\u00e9rale tenue \u00e0 Rome en 1983, et collabore \u00e0 ce titre avec plusieurs Caritas s\u0153urs, b\u00e9n\u00e9ficiant en outre de l\u2019accompagnement de Caritas&nbsp;MONA, dont elle est membre.&nbsp;<\/p>\n<\/div>\n<\/div>\n\n\n<p style=\"text-align: right;\"><em>MONA : Moyen Orient Nord Afrique<\/em><\/p>\n\n\n<figure class=\"wp-block-pullquote\"><blockquote><p><em>Pratiquer le bien \u00e0 l&rsquo;\u00e9gard de tous,<\/em> <em>Honorer tout le monde<\/em>, <em>Aimer la fraternit\u00e9<\/em><\/p><cite><em><strong>Mgr Nicolas Lhernould<\/strong>, d&rsquo;apr\u00e8s la 1\u00e8re lettre de Saint Pierre Ap\u00f4tre 2, 17<\/em><\/cite><\/blockquote><\/figure>\n\n\n\n<div class=\"wp-block-columns alignwide is-layout-flex wp-container-core-columns-is-layout-9d6595d7 wp-block-columns-is-layout-flex\">\n<div class=\"wp-block-column is-layout-flow wp-block-column-is-layout-flow\">\n<h2 class=\"wp-block-heading alignwide\"><strong>\u0152uvre au d\u00e9veloppement humain<\/strong><\/h2>\n\n\n\n<p>Caritas Tunisie \u0153uvre au d\u00e9veloppement int\u00e9gral de la personne humaine, avec une attention particuli\u00e8re aux personnes et aux familles en situation de pr\u00e9carit\u00e9.<\/p>\n\n\n\n<p>Inspir\u00e9e par la compassion, la solidarit\u00e9, la recherche de la justice et du bien commun, Caritas Tunisie en collaboration avec ses partenaires institutionnels et associatifs, contribue \u00e0 restaurer la dignit\u00e9 de la personne humaine, et \u00e0 promouvoir son autonomisation, sans aucune distinction.<\/p>\n\n\n\n<p>Appel\u00e9e \u00e0 la construction d\u2019un monde plus juste et plus fraternel, Caritas Tunisie contribue \u00e0&nbsp;l\u2019animation de l\u2019entraide et \u00e0 l\u2019engagement des jeunes et des personnes liens b\u00e9n\u00e9voles, \u0153uvrant \u00e0 travers les activit\u00e9s socio-\u00e9ducatives, et pour la sauvegarde de l\u2019environnement naturel et relationnel, en faveur des familles les plus en difficult\u00e9s dans leurs quartiers respectifs.<\/p>\n\n\n\n<p><a>Caritas Tunisie s\u2019inscrit dans la ligne de l&rsquo;engagement social de l\u2019\u00c9glise Catholique. Elle met au centre le respect de toute personne humaine, avec une attention particuli\u00e8re aux plus vuln\u00e9rables.<\/a><\/p>\n\n\n\n<p>En int\u00e9grant les Objectifs du D\u00e9veloppement Durable propos\u00e9s par les Nations Unies, elle facilite l\u2019acc\u00e8s aux informations sanitaires, aux soins m\u00e9dicaux, par la mobilisation des m\u00e9decins sp\u00e9cialistes b\u00e9n\u00e9voles, et l\u2019octroi des frais de laboratoires et m\u00e9dicaments aux personnes plus d\u00e9munies,&nbsp;<\/p>\n\n\n\n<p>Elle dispose de deux centres d\u2019\u00e9coute et d\u2019orientation \u00e0 Tunis et \u00e0 Sfax, qui sont aussi des espaces de rencontre, d\u2019\u00e9change, et de connaissance mutuelle entre les personnes en mouvement et les membres de la communaut\u00e9 locale de diff\u00e9rents quartiers.<\/p>\n\n\n\n<p>L&rsquo;action de Caritas Tunisie se d\u00e9ploie \u00e0 travers un travail en \u00e9quipe impliquant des collaborateurs chr\u00e9tiens et musulmans, dans le but de donner le t\u00e9moignage d&rsquo;un engagement commun, r\u00e9el et concret, au service de la personne et des plus fragiles.<\/p>\n\n\n\n<p>En collaboration avec les Caritas s\u0153urs et ses partenaires institutionnels et associatifs, Caritas Tunisie contribue \u00e0 :<\/p>\n<\/div>\n<\/div>\n\n\n\n<h2 class=\"wp-block-heading alignwide\"><strong>Valeurs et missions&nbsp;<\/strong><\/h2>\n\n\n\n<div class=\"wp-block-media-text alignwide has-media-on-the-right is-stacked-on-mobile is-vertically-aligned-center\"><div class=\"wp-block-media-text__content\">\n<p><strong>La formation humaine<\/strong>, pratique et professionnelle des femmes, et des jeunes des quartiers populaires, tout en d\u00e9veloppant leur entreprenariat, par l\u2019octroi de fonds de mise en route d&rsquo;Activit\u00e9s G\u00e9n\u00e9ratrices de Revenu.<\/p>\n<\/div><figure class=\"wp-block-media-text__media\"><\/figure><\/div>\n\n\n\n<div class=\"wp-block-media-text alignwide is-stacked-on-mobile is-vertically-aligned-center\"><figure class=\"wp-block-media-text__media\"><\/figure><div class=\"wp-block-media-text__content\">\n<p><strong>La r\u00e9duction de la pauvret\u00e9, de la violence<\/strong>, et la contribution \u00e0 la coh\u00e9sion sociale \u00e0 travers des espaces familiaux anim\u00e9s par les professionnels b\u00e9n\u00e9voles qualifi\u00e9s<\/p>\n<\/div><\/div>\n\n\n\n<div class=\"wp-block-media-text alignwide has-media-on-the-right is-stacked-on-mobile is-vertically-aligned-center\"><div class=\"wp-block-media-text__content\">\n<p><strong>La r\u00e9duction de la pauvret\u00e9, de la violence<\/strong>, et la contribution \u00e0 la coh\u00e9sion sociale \u00e0 travers des espaces familiaux anim\u00e9s par les professionnels b\u00e9n\u00e9voles qualifi\u00e9s<\/p>\n<\/div><figure class=\"wp-block-media-text__media\"><\/figure><\/div>\n\n\n\n<div class=\"wp-block-media-text alignwide is-stacked-on-mobile is-vertically-aligned-center\"><figure class=\"wp-block-media-text__media\"><\/figure><div class=\"wp-block-media-text__content\">\n<p><strong>La lutte contre la d\u00e9scolarisation des enfants et des jeunes<\/strong>, par le soutien humain et financier, l\u2019octroi des frais et de mat\u00e9riels scolaires aux enfants issus des familles en difficult\u00e9s existentielles<\/p>\n<\/div><\/div>\n\n\n\n<div class=\"wp-block-media-text alignwide has-media-on-the-right is-stacked-on-mobile is-vertically-aligned-center\"><div class=\"wp-block-media-text__content\">\n<p><strong>La r\u00e9int\u00e9gration socio-\u00e9conomique des jeunes et moins jeunes <\/strong>qui d\u00e9cident de revenir dans leur pays apr\u00e8s une exp\u00e9rience d\u2019\u00e9migration \u00e9prouvante en Europe<\/p>\n<\/div><figure class=\"wp-block-media-text__media\"><\/figure><\/div>\n\n\n\n<div class=\"wp-block-media-text alignwide is-stacked-on-mobile is-vertically-aligned-center\"><figure class=\"wp-block-media-text__media\"><\/figure><div class=\"wp-block-media-text__content\">\n<p><strong>La visite hebdomadaire<\/strong>, le soutien moral et p\u00e9cunier des personnes \u00e9trang\u00e8res d\u00e9tenues dans diff\u00e9rents centres p\u00e9nitentiaires en Tunisie<\/p>\n<\/div><\/div>\n\n\n\n<div class=\"wp-block-media-text alignwide has-media-on-the-right is-stacked-on-mobile is-vertically-aligned-center\"><div class=\"wp-block-media-text__content\">\n<p><strong>L\u2019entretien du lien entres les personnes d\u00e9tenues et leurs familles<\/strong>, \u00e0 travers les appels t\u00e9l\u00e9phoniques, la r\u00e9ception et l\u2019envoi de courrier, et l\u2019organisation de leur rapatriement \u00e0 leur sortie de la prison<\/p>\n<\/div><figure class=\"wp-block-media-text__media\"><\/figure><\/div>\n\n\n\n<div class=\"wp-block-media-text alignwide is-stacked-on-mobile is-vertically-aligned-center\"><figure class=\"wp-block-media-text__media\"><\/figure><div class=\"wp-block-media-text__content\">\n<p><strong>L\u2019\u00e9coute active et l\u2019orientation des personnes victimes de la traite humaine<\/strong> vers les institutions comp\u00e9tentes, notamment vers l\u2019Instance Nationale Contre la Traite Humaine et les autres organisations associatives de prises en charge psycho- m\u00e9dico-sociale<\/p>\n<\/div><\/div>\n\n\n\n<div class=\"wp-block-group alignfull has-background\" style=\"background-color:#00000008;padding-top:var(--wp--preset--spacing--50);padding-right:var(--wp--preset--spacing--40);padding-bottom:var(--wp--preset--spacing--50);padding-left:var(--wp--preset--spacing--40)\"><div class=\"wp-block-group__inner-container is-layout-constrained wp-container-core-group-is-layout-141b4844 wp-block-group-is-layout-constrained\">\n<div class=\"wp-block-group alignwide is-content-justification-space-between is-layout-flex wp-container-core-group-is-layout-0d19cf55 wp-block-group-is-layout-flex\">\n<div class=\"wp-block-group is-content-justification-right is-nowrap is-layout-flex wp-container-core-group-is-layout-b4654d8f wp-block-group-is-layout-flex\">\n<div class=\"wp-block-group is-vertical is-layout-flex wp-container-core-group-is-layout-8cf370e7 wp-block-group-is-layout-flex\">\n<h3 class=\"wp-block-heading\" id=\"contact\">Contact<\/h3>\n\n\n\n<p>4, Rue d&rsquo;Alger &#8211; 1000 Tunis R.P.<\/p>\n\n\n\n<p>Tel. Fixe : +216 71 338 638 <\/p>\n\n\n\n<p>Mobile : +216 21 593 133<\/p>\n\n\n\n<p>Email : contact@caritas.tn<\/p>\n<\/div>\n<\/div>\n\n\n<div class=\"wp-block-site-logo\"><a href=\"https:\/\/caritas.tn\/\" class=\"custom-logo-link\" rel=\"home\"><img loading=\"lazy\" decoding=\"async\" width=\"582\" height=\"220\" src=\"https:\/\/caritas.tn\/wp-content\/uploads\/2025\/03\/LOGO-Caritas-Tunisie-final-2020.png\" class=\"custom-logo\" alt=\"Caritas tunisie\" srcset=\"https:\/\/caritas.tn\/wp-content\/uploads\/2025\/03\/LOGO-Caritas-Tunisie-final-2020.png 8000w, https:\/\/caritas.tn\/wp-content\/uploads\/2025\/03\/LOGO-Caritas-Tunisie-final-2020-300x114.png 300w, https:\/\/caritas.tn\/wp-content\/uploads\/2025\/03\/LOGO-Caritas-Tunisie-final-2020-1024x388.png 1024w, https:\/\/caritas.tn\/wp-content\/uploads\/2025\/03\/LOGO-Caritas-Tunisie-final-2020-768x291.png 768w, https:\/\/caritas.tn\/wp-content\/uploads\/2025\/03\/LOGO-Caritas-Tunisie-final-2020-1536x583.png 1536w, https:\/\/caritas.tn\/wp-content\/uploads\/2025\/03\/LOGO-Caritas-Tunisie-final-2020-2048x777.png 2048w, https:\/\/caritas.tn\/wp-content\/uploads\/2025\/03\/LOGO-Caritas-Tunisie-final-2020-1568x595.png 1568w\" sizes=\"auto, (max-width: 582px) 100vw, 582px\" \/><\/a><\/div><\/div>\n<\/div><\/div>\n\n\n\n<p><\/p>\n","protected":false},"excerpt":{"rendered":"<p>Les origines de Caritas Tunisie&nbsp; Caritas Tunisie est la branche socio-caritative et humanitaire de l&rsquo;Eglise Catholique en Tunisie, juridiquement constitu\u00e9e comme \u00ab&nbsp;Pr\u00e9lature de Tunis&nbsp;\u00bb, dont la personnalit\u00e9 civile a \u00e9t\u00e9 acquise par d\u00e9cret n\u00b0 64245 suite au \u00ab&nbsp;Modus Vivendi&nbsp;\u00bb sign\u00e9 entre la Tunisie et le Saint-Si\u00e8ge, le 23 juillet 1964 (J.O.R.T. Du 24\/07\/1964). Caritas Tunisie&hellip; <a class=\"more-link\" href=\"https:\/\/caritas.tn\/\">Poursuivre la lecture <span class=\"screen-reader-text\">Sans titre<\/span><\/a><\/p>\n","protected":false},"author":1,"featured_media":0,"parent":0,"menu_order":0,"comment_status":"closed","ping_status":"closed","template":"","meta":{"footnotes":""},"class_list":["post-5","page","type-page","status-publish","hentry","entry"],"_links":{"self":[{"href":"https:\/\/caritas.tn\/index.php\/wp-json\/wp\/v2\/pages\/5","targetHints":{"allow":["GET"]}}],"collection":[{"href":"https:\/\/caritas.tn\/index.php\/wp-json\/wp\/v2\/pages"}],"about":[{"href":"https:\/\/caritas.tn\/index.php\/wp-json\/wp\/v2\/types\/page"}],"author":[{"embeddable":true,"href":"https:\/\/caritas.tn\/index.php\/wp-json\/wp\/v2\/users\/1"}],"replies":[{"embeddable":true,"href":"https:\/\/caritas.tn\/index.php\/wp-json\/wp\/v2\/comments?post=5"}],"version-history":[{"count":14,"href":"https:\/\/caritas.tn\/index.php\/wp-json\/wp\/v2\/pages\/5\/revisions"}],"predecessor-version":[{"id":76,"href":"https:\/\/caritas.tn\/index.php\/wp-json\/wp\/v2\/pages\/5\/revisions\/76"}],"wp:attachment":[{"href":"https:\/\/caritas.tn\/index.php\/wp-json\/wp\/v2\/media?parent=5"}],"curies":[{"name":"wp","href":"https:\/\/api.w.org\/{rel}","templated":true}]}}